{"id":420,"date":"2024-07-01T09:30:58","date_gmt":"2024-07-01T07:30:58","guid":{"rendered":"https:\/\/agroma-poznan.empressia.dev\/?page_id=420"},"modified":"2024-08-27T12:46:13","modified_gmt":"2024-08-27T10:46:13","slug":"nasza-historia","status":"publish","type":"page","link":"https:\/\/agroma-poznan.pl\/nasza-historia\/","title":{"rendered":"Nasza historia"},"content":{"rendered":"<section class=\"hero hero--medium alignfull relative\" data-hero>\n\t\t\t<div class=\"absolute inset-0 -z-10\">\n\t\t\t\t\t\t\t                        \n\t<figure class=\"overflow-hidden size-full\">\n\n\t\t\n\t\t\t\t\t\t\t\t\t\n\t\t\t<img fetchpriority=\"high\" decoding=\"async\" src=\"https:\/\/agroma-poznan.pl\/wp-content\/uploads\/2024\/08\/o-nas-historia.png\" srcset=\"https:\/\/agroma-poznan.pl\/wp-content\/uploads\/2024\/08\/o-nas-historia.png 2400w, https:\/\/agroma-poznan.pl\/wp-content\/uploads\/2024\/08\/o-nas-historia-300x75.png 300w, https:\/\/agroma-poznan.pl\/wp-content\/uploads\/2024\/08\/o-nas-historia-1024x256.png 1024w, https:\/\/agroma-poznan.pl\/wp-content\/uploads\/2024\/08\/o-nas-historia-768x192.png 768w, https:\/\/agroma-poznan.pl\/wp-content\/uploads\/2024\/08\/o-nas-historia-1536x384.png 1536w, https:\/\/agroma-poznan.pl\/wp-content\/uploads\/2024\/08\/o-nas-historia-2048x512.png 2048w, https:\/\/agroma-poznan.pl\/wp-content\/uploads\/2024\/08\/o-nas-historia-500x125.png 500w\" sizes=\"(max-width: 2400px) 100vw, 2400px\" alt=\"o nas historia\" class=\"h-full w-full object-cover max-h-inherit\" width=\"2400\" height=\"600\"  loading=\"eager\"  \/>\n\n\t\t\n\t<\/figure>\n\n            \t\t\t\t\t\t\n\t\t\t<div class=\"absolute inset-0 bg-hero size-full\"><\/div>\n\t\t<\/div>\n\t\n\t<div class=\"container size-full flex flex-col justify-end\">\n\t\t\t\t\t<header class=\"hero__heading\">\n\t\t\t\t<span class=\"hero__decorator svg-container\">\n\t\t\t\t\t<svg xmlns=\"http:\/\/www.w3.org\/2000\/svg\"\n  width=\"266\"\n  height=\"318\"\n  viewBox=\"0 0 266 318\"\n  fill=\"none\">\n  <path d=\"M266 0H139.234L0 318H128.844L266 0Z\" fill=\"#009846\" \/>\n<\/svg>\n\n\t\t\t\t<\/span>\n\n\t\t\t\t<div class=\"heading__text\">\n\t\t\t\t\t\n    <h1 class=\"text-h1  \">\n\n            Nasza historia\n\n    <\/h1>\n\n\t\t\t\t\t\t\t\t\t\t\t<div class=\"hero__breadcrumbs\">\n\t\t\t\t\t\t\t<div class=\"breadcrumbs overflow-x-auto pb-clamp-12 lg:pb-0\">\n    <div class=\"breadcrumbs__inner\"><span><span><a href=\"https:\/\/agroma-poznan.pl\/\">Strona g\u0142\u00f3wna<\/a><\/span><\/span><\/div>\n<\/div>\n\t\t\t\t\t\t<\/div>\n\t\t\t\t\t\t\t\t\t<\/div>\n\t\t\t<\/header>\n\t\t\t<\/div>\n<\/section>\n\n\n<div style=\"height: clamp(8rem, 8vw, 16rem);\" aria-hidden=\"true\"><\/div>\n\n\n\n<section class=\"two-columns\" data-two-columns>\n    <div class=\"grid grid-cols-1 items-center grid-y-gap-32 grid-x-gap-88 lg:grid-cols-2\">\n                    <div class=\"element-gap-32   self-center\">\n                                                                                                                \n                \n                                    <\/div>\n    \n                    <div class=\"element-gap-32   self-center\">\n                                                                <div class=\"text-content\"><\/div>\n                                                \n                \n                                    <\/div>\n    \n    <\/div>\n<\/section>\n\n\n\n<div style=\"height: clamp(6.4rem, 8vw, 12.8rem);\" aria-hidden=\"true\"><\/div>\n\n\n<section class=\"date-slider alignfull overflow-hidden pt-clamp-8 space-y-clamp-95\"\n    data-date-slider>\n            <div>\n            <div class=\"splide__carousel-progress\">\n                <div class=\"splide__carousel-progress-bar\"><\/div>\n            <\/div>\n            <div class=\"splide date-slider__navigation\" data-navigation-slider>\n                <div class=\"splide__track\">\n                    <ul class=\"splide__list flex flex-row justify-between\">\n                                                    <li class=\"splide__slide\">\n                                <button type=\"button\" class=\"date-slider__date\" tabindex=\"0\">\n  <time datetime=\"1966\">1966<\/time>\n<\/button>\n                            <\/li>\n                                                    <li class=\"splide__slide\">\n                                <button type=\"button\" class=\"date-slider__date\" tabindex=\"0\">\n  <time datetime=\"1975\">1975<\/time>\n<\/button>\n                            <\/li>\n                                                    <li class=\"splide__slide\">\n                                <button type=\"button\" class=\"date-slider__date\" tabindex=\"0\">\n  <time datetime=\"2016\">2016<\/time>\n<\/button>\n                            <\/li>\n                                                    <li class=\"splide__slide\">\n                                <button type=\"button\" class=\"date-slider__date\" tabindex=\"0\">\n  <time datetime=\"2017\">2017<\/time>\n<\/button>\n                            <\/li>\n                                                    <li class=\"splide__slide\">\n                                <button type=\"button\" class=\"date-slider__date\" tabindex=\"0\">\n  <time datetime=\"2018\">2018<\/time>\n<\/button>\n                            <\/li>\n                                                    <li class=\"splide__slide\">\n                                <button type=\"button\" class=\"date-slider__date\" tabindex=\"0\">\n  <time datetime=\"2020\">2020<\/time>\n<\/button>\n                            <\/li>\n                                            <\/ul>\n                <\/div>\n            <\/div>\n        <\/div>\n    \n            <div class=\"container\">\n            <div class=\"splide date-slider__content\" data-content-slider>\n                <div class=\"splide__track\">\n                    <ol class=\"splide__list\">\n                                                    <li class=\"splide__slide\">\n                                \n<div class=\"grid grid-cols-1 md:grid-cols-2 gap-x-clamp-64 gap-y-clamp-24 items-center\">\n      <div class=\"md:pb-clamp-90 xl:pb-clamp-72 md:min-h-[34rem]\">\n      <div class=\"text-paragraph-m space-x-4 mb-clamp-40\">\n        <span class=\"text-primary-50 font-semibold\">1<\/span>\n        <span class=\"text-neutral-600\">\/ 6<\/span>\n      <\/div>\n      <div class=\"space-y-clamp-16\">\n                  \n    <h2 class=\"text-h4  \">\n\n            Powstanie Agromy w Poznaniu\n\n    <\/h2>\n\n                          <div class=\"text-content\"><p>Historia Agromy w Poznaniu si\u0119ga czas\u00f3w powojennych kiedy to w 1949r powsta\u0142a Sk\u0142adnica Okr\u0119gowa Centrali Zaopatrzenia Rolnictwa z siedzib\u0105 w Poznaniu maj\u0105ca na celu zaopatrzenie jednostek resortu rolnictwa w cz\u0119\u015bci zamienne do ci\u0105gnik\u00f3w i maszyn rolniczych. Dzia\u0142alno\u015b\u0107 Sk\u0142adnicy by\u0142a\u00a0 lokalna i skupia\u0142a si\u0119 na \u00f3wczesnym wojew\u00f3dztwie pozna\u0144skim. Zgodnie z zarz\u0105dzeniem Ministra Przemys\u0142u Ci\u0119\u017ckiego w 1966 powsta\u0142o Pozna\u0144skie Przedsi\u0119biorstwo Handlu Sprz\u0119tem Rolniczym Agroma. W wyniku wielu przemian dzi\u015b przedsi\u0119biorstwo funkcjonuje pod nazw\u0105 P.H Agroma S.A w Poznaniu.<\/p>\n<\/div>\n              <\/div>\n    <\/div>\n  \n                              \n\t<figure class=\"overflow-hidden size-full max-h-[35rem] md:max-h-[50rem] \">\n\n\t\t\n\t\t\t\t\t\t\t\t\t\n\t\t\t<img decoding=\"async\" src=\"https:\/\/agroma-poznan.pl\/wp-content\/uploads\/2024\/08\/451DibZW9dvpvg5yv9HV-1.jpg\" srcset=\"https:\/\/agroma-poznan.pl\/wp-content\/uploads\/2024\/08\/451DibZW9dvpvg5yv9HV-1.jpg 1920w, https:\/\/agroma-poznan.pl\/wp-content\/uploads\/2024\/08\/451DibZW9dvpvg5yv9HV-1-300x222.jpg 300w, https:\/\/agroma-poznan.pl\/wp-content\/uploads\/2024\/08\/451DibZW9dvpvg5yv9HV-1-1024x758.jpg 1024w, https:\/\/agroma-poznan.pl\/wp-content\/uploads\/2024\/08\/451DibZW9dvpvg5yv9HV-1-768x568.jpg 768w, https:\/\/agroma-poznan.pl\/wp-content\/uploads\/2024\/08\/451DibZW9dvpvg5yv9HV-1-1536x1137.jpg 1536w, https:\/\/agroma-poznan.pl\/wp-content\/uploads\/2024\/08\/451DibZW9dvpvg5yv9HV-1-500x370.jpg 500w\" sizes=\"(max-width: 1920px) 100vw, 1920px\" alt=\"451DibZW9dvpvg5yv9HV (1)\" class=\"h-full w-full object-cover max-h-inherit\" width=\"1920\" height=\"1421\"  loading=\"lazy\"  \/>\n\n\t\t\n\t<\/figure>\n\n              <\/div>\n                            <\/li>\n                                                    <li class=\"splide__slide\">\n                                \n<div class=\"grid grid-cols-1 md:grid-cols-2 gap-x-clamp-64 gap-y-clamp-24 items-center\">\n      <div class=\"md:pb-clamp-90 xl:pb-clamp-72 md:min-h-[34rem]\">\n      <div class=\"text-paragraph-m space-x-4 mb-clamp-40\">\n        <span class=\"text-primary-50 font-semibold\">2<\/span>\n        <span class=\"text-neutral-600\">\/ 6<\/span>\n      <\/div>\n      <div class=\"space-y-clamp-16\">\n                  \n    <h2 class=\"text-h5  \">\n\n            Powstanie Centralnej Bazy Cz\u0119\u015bci Zamiennych &#8221; Agroma&#8221; w Kutnie\n\n    <\/h2>\n\n                          <div class=\"text-content\"><p>PHSR &#8221; Agroma &#8221; w Kutnie powsta\u0142a w 1975r. jako jeden z wi\u0119kszych i najnowocze\u015bniejszych magazyn\u00f3w wysokiego sk\u0142adowania cz\u0119\u015bci zamiennych do maszyn rolniczych w Europie.\u00a0 Punkt\u00a0 w Kutnie zaopatrywa\u0142 rocznie w ponad 90 tys ton cz\u0119\u015bci zamiennych hurtownie, sprzeda\u017c detaliczn\u0105 i zak\u0142ady produkcyjne.<\/p>\n<\/div>\n              <\/div>\n    <\/div>\n  \n                              \n\t<figure class=\"overflow-hidden size-full max-h-[35rem] md:max-h-[50rem] \">\n\n\t\t\n\t\t\t\t\t\t\t\t\t\n\t\t\t<img decoding=\"async\" src=\"https:\/\/agroma-poznan.pl\/wp-content\/uploads\/2024\/08\/doc09448120240813115500_001-002-scaled.jpg\" srcset=\"https:\/\/agroma-poznan.pl\/wp-content\/uploads\/2024\/08\/doc09448120240813115500_001-002-scaled.jpg 2560w, https:\/\/agroma-poznan.pl\/wp-content\/uploads\/2024\/08\/doc09448120240813115500_001-002-300x206.jpg 300w, https:\/\/agroma-poznan.pl\/wp-content\/uploads\/2024\/08\/doc09448120240813115500_001-002-1024x703.jpg 1024w, https:\/\/agroma-poznan.pl\/wp-content\/uploads\/2024\/08\/doc09448120240813115500_001-002-768x528.jpg 768w, https:\/\/agroma-poznan.pl\/wp-content\/uploads\/2024\/08\/doc09448120240813115500_001-002-1536x1055.jpg 1536w, https:\/\/agroma-poznan.pl\/wp-content\/uploads\/2024\/08\/doc09448120240813115500_001-002-2048x1407.jpg 2048w, https:\/\/agroma-poznan.pl\/wp-content\/uploads\/2024\/08\/doc09448120240813115500_001-002-500x343.jpg 500w\" sizes=\"(max-width: 2560px) 100vw, 2560px\" alt=\"doc09448120240813115500_001 (002)\" class=\"h-full w-full object-cover max-h-inherit\" width=\"2560\" height=\"1759\"  loading=\"lazy\"  \/>\n\n\t\t\n\t<\/figure>\n\n              <\/div>\n                            <\/li>\n                                                    <li class=\"splide__slide\">\n                                \n<div class=\"grid grid-cols-1 md:grid-cols-2 gap-x-clamp-64 gap-y-clamp-24 items-center\">\n      <div class=\"md:pb-clamp-90 xl:pb-clamp-72 md:min-h-[34rem]\">\n      <div class=\"text-paragraph-m space-x-4 mb-clamp-40\">\n        <span class=\"text-primary-50 font-semibold\">3<\/span>\n        <span class=\"text-neutral-600\">\/ 6<\/span>\n      <\/div>\n      <div class=\"space-y-clamp-16\">\n                  \n    <h2 class=\"text-h5  \">\n\n            Powstanie oddzia\u0142u w Kole\n\n    <\/h2>\n\n                          <div class=\"text-content\"><p>W kwietniu 2016 roku uruchomiony zosta\u0142 oddzia\u0142 w Kole przy ul. Toru\u0144skiej 117, w kt\u00f3rym mie\u015bci si\u0119 sklep firmowy z kompleksowym zaopatrzeniem dla rolnictwa, sprzeda\u017c maszyn rolniczych, budowlanych, w\u00f3zk\u00f3w wid\u0142owych oraz serwis.<\/p>\n<\/div>\n              <\/div>\n    <\/div>\n  \n                              \n\t<figure class=\"overflow-hidden size-full max-h-[35rem] md:max-h-[50rem] \">\n\n\t\t\n\t\t\t\t\t\t\t\t\t\n\t\t\t<img decoding=\"async\" src=\"https:\/\/agroma-poznan.pl\/wp-content\/uploads\/2024\/08\/IMG_20180906_131546860_HDR-scaled.jpg\" srcset=\"https:\/\/agroma-poznan.pl\/wp-content\/uploads\/2024\/08\/IMG_20180906_131546860_HDR-scaled.jpg 2560w, https:\/\/agroma-poznan.pl\/wp-content\/uploads\/2024\/08\/IMG_20180906_131546860_HDR-300x225.jpg 300w, https:\/\/agroma-poznan.pl\/wp-content\/uploads\/2024\/08\/IMG_20180906_131546860_HDR-1024x768.jpg 1024w, https:\/\/agroma-poznan.pl\/wp-content\/uploads\/2024\/08\/IMG_20180906_131546860_HDR-768x576.jpg 768w, https:\/\/agroma-poznan.pl\/wp-content\/uploads\/2024\/08\/IMG_20180906_131546860_HDR-1536x1152.jpg 1536w, https:\/\/agroma-poznan.pl\/wp-content\/uploads\/2024\/08\/IMG_20180906_131546860_HDR-2048x1536.jpg 2048w, https:\/\/agroma-poznan.pl\/wp-content\/uploads\/2024\/08\/IMG_20180906_131546860_HDR-500x375.jpg 500w\" sizes=\"(max-width: 2560px) 100vw, 2560px\" alt=\"IMG_20180906_131546860_HDR\" class=\"h-full w-full object-cover max-h-inherit\" width=\"2560\" height=\"1920\"  loading=\"lazy\"  \/>\n\n\t\t\n\t<\/figure>\n\n              <\/div>\n                            <\/li>\n                                                    <li class=\"splide__slide\">\n                                \n<div class=\"grid grid-cols-1 md:grid-cols-2 gap-x-clamp-64 gap-y-clamp-24 items-center\">\n      <div class=\"md:pb-clamp-90 xl:pb-clamp-72 md:min-h-[34rem]\">\n      <div class=\"text-paragraph-m space-x-4 mb-clamp-40\">\n        <span class=\"text-primary-50 font-semibold\">4<\/span>\n        <span class=\"text-neutral-600\">\/ 6<\/span>\n      <\/div>\n      <div class=\"space-y-clamp-16\">\n                  \n    <h2 class=\"text-h5  \">\n\n            Po\u0142\u0105czenie Agromy w Kutnie z Agrom\u0105 S.A w Poznaniu\n\n    <\/h2>\n\n                          <div class=\"text-content\"><p>W tym roku\u00a0 dwie Agromy zosta\u0142y po\u0142\u0105czone w jedno przedsi\u0119biorstwo z zachowaniem nazwy P.H Agroma S.A w Poznaniu z central\u0105 w Kutnie.<\/p>\n<\/div>\n              <\/div>\n    <\/div>\n  \n                              \n\t<figure class=\"overflow-hidden size-full max-h-[35rem] md:max-h-[50rem] \">\n\n\t\t\n\t\t\t\t\t\t\t\t\t\n\t\t\t<img decoding=\"async\" src=\"https:\/\/agroma-poznan.pl\/wp-content\/uploads\/2024\/08\/Ogolny-\u2013-Podrozniczy-Blog-Tytul-iPhone-Uklad-3.png\" srcset=\"https:\/\/agroma-poznan.pl\/wp-content\/uploads\/2024\/08\/Ogolny-\u2013-Podrozniczy-Blog-Tytul-iPhone-Uklad-3.png 2160w, https:\/\/agroma-poznan.pl\/wp-content\/uploads\/2024\/08\/Ogolny-\u2013-Podrozniczy-Blog-Tytul-iPhone-Uklad-3-300x300.png 300w, https:\/\/agroma-poznan.pl\/wp-content\/uploads\/2024\/08\/Ogolny-\u2013-Podrozniczy-Blog-Tytul-iPhone-Uklad-3-1024x1024.png 1024w, https:\/\/agroma-poznan.pl\/wp-content\/uploads\/2024\/08\/Ogolny-\u2013-Podrozniczy-Blog-Tytul-iPhone-Uklad-3-150x150.png 150w, https:\/\/agroma-poznan.pl\/wp-content\/uploads\/2024\/08\/Ogolny-\u2013-Podrozniczy-Blog-Tytul-iPhone-Uklad-3-768x768.png 768w, https:\/\/agroma-poznan.pl\/wp-content\/uploads\/2024\/08\/Ogolny-\u2013-Podrozniczy-Blog-Tytul-iPhone-Uklad-3-1536x1536.png 1536w, https:\/\/agroma-poznan.pl\/wp-content\/uploads\/2024\/08\/Ogolny-\u2013-Podrozniczy-Blog-Tytul-iPhone-Uklad-3-2048x2048.png 2048w, https:\/\/agroma-poznan.pl\/wp-content\/uploads\/2024\/08\/Ogolny-\u2013-Podrozniczy-Blog-Tytul-iPhone-Uklad-3-500x500.png 500w\" sizes=\"(max-width: 2160px) 100vw, 2160px\" alt=\"Og\u00f3lny \u2013 Podr\u00f3\u017cniczy Blog Tytu\u0142 iPhone Uk\u0142ad (3)\" class=\"h-full w-full object-cover max-h-inherit\" width=\"2160\" height=\"2160\"  loading=\"lazy\"  \/>\n\n\t\t\n\t<\/figure>\n\n              <\/div>\n                            <\/li>\n                                                    <li class=\"splide__slide\">\n                                \n<div class=\"grid grid-cols-1 md:grid-cols-2 gap-x-clamp-64 gap-y-clamp-24 items-center\">\n      <div class=\"md:pb-clamp-90 xl:pb-clamp-72 md:min-h-[34rem]\">\n      <div class=\"text-paragraph-m space-x-4 mb-clamp-40\">\n        <span class=\"text-primary-50 font-semibold\">5<\/span>\n        <span class=\"text-neutral-600\">\/ 6<\/span>\n      <\/div>\n      <div class=\"space-y-clamp-16\">\n                  \n    <h2 class=\"text-h5  \">\n\n            Powstanie oddzia\u0142u w Mi\u0142os\u0142awiu\n\n    <\/h2>\n\n                          <div class=\"text-content\"><p>W raz z rozwojem firmy punkt z Mikuszewa zosta\u0142 przeniesiony do Mi\u0142os\u0142awia. Pozwoli\u0142o to na poszerzenie zakresu dzia\u0142alno\u015bci oddzia\u0142u o sprzeda\u017c i serwis maszyn Kubota.<\/p>\n<\/div>\n              <\/div>\n    <\/div>\n  \n                              \n\t<figure class=\"overflow-hidden size-full max-h-[35rem] md:max-h-[50rem] \">\n\n\t\t\n\t\t\t\t\t\t\t\t\t\n\t\t\t<img decoding=\"async\" src=\"https:\/\/agroma-poznan.pl\/wp-content\/uploads\/2024\/08\/85153844_925320784558698_4053618721267122176_n.jpg\" srcset=\"https:\/\/agroma-poznan.pl\/wp-content\/uploads\/2024\/08\/85153844_925320784558698_4053618721267122176_n.jpg 1722w, https:\/\/agroma-poznan.pl\/wp-content\/uploads\/2024\/08\/85153844_925320784558698_4053618721267122176_n-300x169.jpg 300w, https:\/\/agroma-poznan.pl\/wp-content\/uploads\/2024\/08\/85153844_925320784558698_4053618721267122176_n-1024x576.jpg 1024w, https:\/\/agroma-poznan.pl\/wp-content\/uploads\/2024\/08\/85153844_925320784558698_4053618721267122176_n-768x432.jpg 768w, https:\/\/agroma-poznan.pl\/wp-content\/uploads\/2024\/08\/85153844_925320784558698_4053618721267122176_n-1536x864.jpg 1536w, https:\/\/agroma-poznan.pl\/wp-content\/uploads\/2024\/08\/85153844_925320784558698_4053618721267122176_n-500x281.jpg 500w\" sizes=\"(max-width: 1722px) 100vw, 1722px\" alt=\"85153844_925320784558698_4053618721267122176_n\" class=\"h-full w-full object-cover max-h-inherit\" width=\"1722\" height=\"969\"  loading=\"lazy\"  \/>\n\n\t\t\n\t<\/figure>\n\n              <\/div>\n                            <\/li>\n                                                    <li class=\"splide__slide\">\n                                \n<div class=\"grid grid-cols-1 md:grid-cols-2 gap-x-clamp-64 gap-y-clamp-24 items-center\">\n      <div class=\"md:pb-clamp-90 xl:pb-clamp-72 md:min-h-[34rem]\">\n      <div class=\"text-paragraph-m space-x-4 mb-clamp-40\">\n        <span class=\"text-primary-50 font-semibold\">6<\/span>\n        <span class=\"text-neutral-600\">\/ 6<\/span>\n      <\/div>\n      <div class=\"space-y-clamp-16\">\n                  \n    <h2 class=\"text-h5  \">\n\n            Nowy oddzia\u0142 w Gr\u00f3jcu\n\n    <\/h2>\n\n                          <div class=\"text-content\"><p>W roku 2020 oddzia\u0142 w Gr\u00f3jcu zosta\u0142 przeniesiony do nowej lokalizacji.<\/p>\n<\/div>\n              <\/div>\n    <\/div>\n  \n                              \n\t<figure class=\"overflow-hidden size-full max-h-[35rem] md:max-h-[50rem] \">\n\n\t\t\n\t\t\t\t\t\t\t\t\t\n\t\t\t<img decoding=\"async\" src=\"https:\/\/agroma-poznan.pl\/wp-content\/uploads\/2024\/08\/45.jpg\" srcset=\"https:\/\/agroma-poznan.pl\/wp-content\/uploads\/2024\/08\/45.jpg 2040w, https:\/\/agroma-poznan.pl\/wp-content\/uploads\/2024\/08\/45-300x226.jpg 300w, https:\/\/agroma-poznan.pl\/wp-content\/uploads\/2024\/08\/45-1024x771.jpg 1024w, https:\/\/agroma-poznan.pl\/wp-content\/uploads\/2024\/08\/45-768x578.jpg 768w, https:\/\/agroma-poznan.pl\/wp-content\/uploads\/2024\/08\/45-1536x1157.jpg 1536w, https:\/\/agroma-poznan.pl\/wp-content\/uploads\/2024\/08\/45-500x376.jpg 500w\" sizes=\"(max-width: 2040px) 100vw, 2040px\" alt=\"45\" class=\"h-full w-full object-cover max-h-inherit\" width=\"2040\" height=\"1536\"  loading=\"lazy\"  \/>\n\n\t\t\n\t<\/figure>\n\n              <\/div>\n                            <\/li>\n                                            <\/ol>\n                <\/div>\n\n                <div class=\"splide__arrows flex gap-clamp-16 mt-clamp-24 md:mt-0 md:absolute md:bottom-0 md:left-0\">\n  <button type=\"button\"\n    class=\"splide__arrow splide__arrow--prev bg-transparent flex items-center justify-center text-primary-50 border-1 border-inherit transition-colors [&#038;:hover:not(:disabled)]:border-primary-50 disabled:text-neutral-300 rounded-full duration-300 p-clamp-13 size-48  \"\n    type=\"button\"\n    aria-label=\"Poprzedni slajd\">\n    <span class=\"svg-container\"><svg xmlns=\"http:\/\/www.w3.org\/2000\/svg\"\n    width=\"11\"\n    height=\"16\"\n    viewBox=\"0 0 11 16\"\n    fill=\"none\">\n    <path d=\"M7 13L2.5 8.5L7 4\"\n        stroke=\"currentColor\"\n        stroke-width=\"3\"\n        stroke-linecap=\"square\" \/>\n<\/svg>\n<\/span>\n  <\/button>\n\n  <button type=\"button\"\n    class=\"splide__arrow splide__arrow--next bg-transparent flex items-center justify-center rotate-180 text-primary-50 border-1 border-inherit transition-colors [&#038;:hover:not(:disabled)]:border-primary-50 disabled:text-neutral-300 rounded-full duration-300 p-clamp-13 size-48  \"\n    type=\"button\"\n    aria-label=\"Nast\u0119pny slajd\">\n    <span class=\"svg-container\"><svg xmlns=\"http:\/\/www.w3.org\/2000\/svg\"\n    width=\"11\"\n    height=\"16\"\n    viewBox=\"0 0 11 16\"\n    fill=\"none\">\n    <path d=\"M7 13L2.5 8.5L7 4\"\n        stroke=\"currentColor\"\n        stroke-width=\"3\"\n        stroke-linecap=\"square\" \/>\n<\/svg>\n<\/span>\n  <\/button>\n<\/div>\n            <\/div>\n        <\/div>\n    <\/section>\n\n\n<div style=\"height: clamp(8rem, 8vw, 16rem);\" aria-hidden=\"true\"><\/div>\n","protected":false},"excerpt":{"rendered":"","protected":false},"author":1,"featured_media":0,"parent":0,"menu_order":3,"comment_status":"closed","ping_status":"closed","template":"","meta":{"_acf_changed":false,"inline_featured_image":false,"footnotes":""},"class_list":["post-420","page","type-page","status-publish","hentry"],"yoast_head":"<!-- This site is optimized with the Yoast SEO plugin v24.4 - https:\/\/yoast.com\/wordpress\/plugins\/seo\/ -->\n<title>Nasza historia - P.H. Agroma S.A. w Poznaniu<\/title>\n<meta name=\"robots\" content=\"index, follow, max-snippet:-1, max-image-preview:large, max-video-preview:-1\" \/>\n<link rel=\"canonical\" href=\"https:\/\/agroma-poznan.pl\/nasza-historia\/\" \/>\n<meta property=\"og:locale\" content=\"pl_PL\" \/>\n<meta property=\"og:type\" content=\"article\" \/>\n<meta property=\"og:title\" content=\"Nasza historia - P.H. Agroma S.A. w Poznaniu\" \/>\n<meta property=\"og:url\" content=\"https:\/\/agroma-poznan.pl\/nasza-historia\/\" \/>\n<meta property=\"og:site_name\" content=\"P.H. Agroma S.A. w Poznaniu\" \/>\n<meta property=\"article:modified_time\" content=\"2024-08-27T10:46:13+00:00\" \/>\n<meta name=\"twitter:card\" content=\"summary_large_image\" \/>\n<script type=\"application\/ld+json\" class=\"yoast-schema-graph\">{\"@context\":\"https:\/\/schema.org\",\"@graph\":[{\"@type\":\"WebPage\",\"@id\":\"https:\/\/agroma-poznan.pl\/nasza-historia\/\",\"url\":\"https:\/\/agroma-poznan.pl\/nasza-historia\/\",\"name\":\"Nasza historia - P.H. Agroma S.A. w Poznaniu\",\"isPartOf\":{\"@id\":\"https:\/\/agroma-poznan.pl\/#website\"},\"datePublished\":\"2024-07-01T07:30:58+00:00\",\"dateModified\":\"2024-08-27T10:46:13+00:00\",\"breadcrumb\":{\"@id\":\"https:\/\/agroma-poznan.pl\/nasza-historia\/#breadcrumb\"},\"inLanguage\":\"pl-PL\",\"potentialAction\":[{\"@type\":\"ReadAction\",\"target\":[\"https:\/\/agroma-poznan.pl\/nasza-historia\/\"]}]},{\"@type\":\"BreadcrumbList\",\"@id\":\"https:\/\/agroma-poznan.pl\/nasza-historia\/#breadcrumb\",\"itemListElement\":[{\"@type\":\"ListItem\",\"position\":1,\"name\":\"Strona g\u0142\u00f3wna\",\"item\":\"https:\/\/agroma-poznan.pl\/\"},{\"@type\":\"ListItem\",\"position\":2,\"name\":\"Nasza historia\"}]},{\"@type\":\"WebSite\",\"@id\":\"https:\/\/agroma-poznan.pl\/#website\",\"url\":\"https:\/\/agroma-poznan.pl\/\",\"name\":\"agroma-poznan\",\"description\":\"\",\"potentialAction\":[{\"@type\":\"SearchAction\",\"target\":{\"@type\":\"EntryPoint\",\"urlTemplate\":\"https:\/\/agroma-poznan.pl\/?s={search_term_string}\"},\"query-input\":{\"@type\":\"PropertyValueSpecification\",\"valueRequired\":true,\"valueName\":\"search_term_string\"}}],\"inLanguage\":\"pl-PL\"}]}<\/script>\n<!-- \/ Yoast SEO plugin. -->","yoast_head_json":{"title":"Nasza historia - P.H. Agroma S.A. w Poznaniu","robots":{"index":"index","follow":"follow","max-snippet":"max-snippet:-1","max-image-preview":"max-image-preview:large","max-video-preview":"max-video-preview:-1"},"canonical":"https:\/\/agroma-poznan.pl\/nasza-historia\/","og_locale":"pl_PL","og_type":"article","og_title":"Nasza historia - P.H. Agroma S.A. w Poznaniu","og_url":"https:\/\/agroma-poznan.pl\/nasza-historia\/","og_site_name":"P.H. Agroma S.A. w Poznaniu","article_modified_time":"2024-08-27T10:46:13+00:00","twitter_card":"summary_large_image","schema":{"@context":"https:\/\/schema.org","@graph":[{"@type":"WebPage","@id":"https:\/\/agroma-poznan.pl\/nasza-historia\/","url":"https:\/\/agroma-poznan.pl\/nasza-historia\/","name":"Nasza historia - P.H. Agroma S.A. w Poznaniu","isPartOf":{"@id":"https:\/\/agroma-poznan.pl\/#website"},"datePublished":"2024-07-01T07:30:58+00:00","dateModified":"2024-08-27T10:46:13+00:00","breadcrumb":{"@id":"https:\/\/agroma-poznan.pl\/nasza-historia\/#breadcrumb"},"inLanguage":"pl-PL","potentialAction":[{"@type":"ReadAction","target":["https:\/\/agroma-poznan.pl\/nasza-historia\/"]}]},{"@type":"BreadcrumbList","@id":"https:\/\/agroma-poznan.pl\/nasza-historia\/#breadcrumb","itemListElement":[{"@type":"ListItem","position":1,"name":"Strona g\u0142\u00f3wna","item":"https:\/\/agroma-poznan.pl\/"},{"@type":"ListItem","position":2,"name":"Nasza historia"}]},{"@type":"WebSite","@id":"https:\/\/agroma-poznan.pl\/#website","url":"https:\/\/agroma-poznan.pl\/","name":"agroma-poznan","description":"","potentialAction":[{"@type":"SearchAction","target":{"@type":"EntryPoint","urlTemplate":"https:\/\/agroma-poznan.pl\/?s={search_term_string}"},"query-input":{"@type":"PropertyValueSpecification","valueRequired":true,"valueName":"search_term_string"}}],"inLanguage":"pl-PL"}]}},"acf":[],"gutenberg_blocks":[{"blockName":"custom-styles","attrs":{"styles":""}},{"blockName":"acf\/hero","attrs":{"name":"acf\/hero","data":{"variant":"medium","_variant":"field_6679377945469","heading_heading_text":"Nasza historia","_heading_heading_text":"field_638627ccced84","heading_heading_level":"h1","_heading_heading_level":"field_638627e7ced85","heading_heading_variant":"default","_heading_heading_variant":"field_63862847ced86","heading_extra_classes":"","_heading_extra_classes":"field_638628eeced88","heading":"","_heading":"field_667937b24546a","bg_variant":"image","_bg_variant":"field_667938294546f","image":2022,"_image":"field_667937e14546d"},"mode":"edit"},"innerBlocks":[],"innerHTML":"","innerContent":[]},{"blockName":"acf\/separator","attrs":{"name":"acf\/separator","data":{"separator_values_min":"80","_separator_values_min":"field_659d1d0e47ee6","separator_values_max":"160","_separator_values_max":"field_659d1d4547ee7","separator_values":"","_separator_values":"field_659d261a7f4e0"},"mode":"edit"},"innerBlocks":[],"innerHTML":"","innerContent":[]},{"blockName":"acf\/two-columns","attrs":{"name":"acf\/two-columns","data":{"left_column_margin":"0","_left_column_margin":"field_667ac7dacaa51","left_vertical_alignment":"center","_left_vertical_alignment":"field_668e8bb0804ec","left_column_element_gap":"32","_left_column_element_gap":"field_667ad9b8364ef","left_column_0_heading_heading_text":"","_left_column_0_heading_heading_text":"field_638627ccced84","left_column_0_heading_heading_level":"h2","_left_column_0_heading_heading_level":"field_638627e7ced85","left_column_0_heading_heading_variant":"h4","_left_column_0_heading_heading_variant":"field_63862847ced86","left_column_0_heading_extra_classes":"","_left_column_0_heading_extra_classes":"field_638628eeced88","left_column_0_heading":"","_left_column_0_heading":"field_65fc05d9827ab","left_column":["heading"],"_left_column":"field_65fc0535827aa","right_column_margin":"0","_right_column_margin":"field_667ac807caa52","right_vertical_alignment":"center","_right_vertical_alignment":"field_668e8c14804ed","right_column_element_gap":"32","_right_column_element_gap":"field_667ad982364ee","right_column_0_text":"","_right_column_0_text":"field_65fc07150a7d0","right_column":["text"],"_right_column":"field_65fc06d20a7cc","auto_column_width":"0","_auto_column_width":"field_668e8c62804ee","column_gap":"88","_column_gap":"field_66017c4591546","mobile_order":"normal","_mobile_order":"field_665ed19ee8f7c"},"mode":"edit"},"innerBlocks":[],"innerHTML":"","innerContent":[]},{"blockName":"acf\/separator","attrs":{"name":"acf\/separator","data":{"separator_values_min":"64","_separator_values_min":"field_659d1d0e47ee6","separator_values_max":"128","_separator_values_max":"field_659d1d4547ee7","separator_values":"","_separator_values":"field_659d261a7f4e0"},"mode":"edit"},"innerBlocks":[],"innerHTML":"","innerContent":[]},{"blockName":"acf\/date-slider","attrs":{"name":"acf\/date-slider","data":{"slides_0_date":"1966","_slides_0_date":"field_668266388be1a","slides_0_heading_heading_text":"Powstanie Agromy w Poznaniu","_slides_0_heading_heading_text":"field_638627ccced84","slides_0_heading_heading_level":"h2","_slides_0_heading_heading_level":"field_638627e7ced85","slides_0_heading_heading_variant":"h4","_slides_0_heading_heading_variant":"field_63862847ced86","slides_0_heading_extra_classes":"","_slides_0_heading_extra_classes":"field_638628eeced88","slides_0_heading":"","_slides_0_heading":"field_668267368be1b","slides_0_description":"Historia Agromy w Poznaniu si\u0119ga czas\u00f3w powojennych kiedy to w 1949r powsta\u0142a Sk\u0142adnica Okr\u0119gowa Centrali Zaopatrzenia Rolnictwa z siedzib\u0105 w Poznaniu maj\u0105ca na celu zaopatrzenie jednostek resortu rolnictwa w cz\u0119\u015bci zamienne do ci\u0105gnik\u00f3w i maszyn rolniczych. Dzia\u0142alno\u015b\u0107 Sk\u0142adnicy by\u0142a\u00a0 lokalna i skupia\u0142a si\u0119 na \u00f3wczesnym wojew\u00f3dztwie pozna\u0144skim. Zgodnie z zarz\u0105dzeniem Ministra Przemys\u0142u Ci\u0119\u017ckiego w 1966 powsta\u0142o Pozna\u0144skie Przedsi\u0119biorstwo Handlu Sprz\u0119tem Rolniczym Agroma. W wyniku wielu przemian dzi\u015b przedsi\u0119biorstwo funkcjonuje pod nazw\u0105 P.H Agroma S.A w Poznaniu.","_slides_0_description":"field_6682674e8be1c","slides_0_image":1965,"_slides_0_image":"field_6682677e8be1d","slides_1_date":"1975","_slides_1_date":"field_668266388be1a","slides_1_heading_heading_text":"Powstanie Centralnej Bazy Cz\u0119\u015bci Zamiennych \" Agroma\" w Kutnie","_slides_1_heading_heading_text":"field_638627ccced84","slides_1_heading_heading_level":"h2","_slides_1_heading_heading_level":"field_638627e7ced85","slides_1_heading_heading_variant":"h5","_slides_1_heading_heading_variant":"field_63862847ced86","slides_1_heading_extra_classes":"","_slides_1_heading_extra_classes":"field_638628eeced88","slides_1_heading":"","_slides_1_heading":"field_668267368be1b","slides_1_description":"PHSR \" Agroma \" w Kutnie powsta\u0142a w 1975r. jako jeden z wi\u0119kszych i najnowocze\u015bniejszych magazyn\u00f3w wysokiego sk\u0142adowania cz\u0119\u015bci zamiennych do maszyn rolniczych w Europie.\u00a0 Punkt\u00a0 w Kutnie zaopatrywa\u0142 rocznie w ponad 90 tys ton cz\u0119\u015bci zamiennych hurtownie, sprzeda\u017c detaliczn\u0105 i zak\u0142ady produkcyjne.","_slides_1_description":"field_6682674e8be1c","slides_1_image":1848,"_slides_1_image":"field_6682677e8be1d","slides_2_date":"2016","_slides_2_date":"field_668266388be1a","slides_2_heading_heading_text":"Powstanie oddzia\u0142u w Kole","_slides_2_heading_heading_text":"field_638627ccced84","slides_2_heading_heading_level":"h2","_slides_2_heading_heading_level":"field_638627e7ced85","slides_2_heading_heading_variant":"h5","_slides_2_heading_heading_variant":"field_63862847ced86","slides_2_heading_extra_classes":"","_slides_2_heading_extra_classes":"field_638628eeced88","slides_2_heading":"","_slides_2_heading":"field_668267368be1b","slides_2_description":"W kwietniu 2016 roku uruchomiony zosta\u0142 oddzia\u0142 w Kole przy ul. Toru\u0144skiej 117, w kt\u00f3rym mie\u015bci si\u0119 sklep firmowy z kompleksowym zaopatrzeniem dla rolnictwa, sprzeda\u017c maszyn rolniczych, budowlanych, w\u00f3zk\u00f3w wid\u0142owych oraz serwis.","_slides_2_description":"field_6682674e8be1c","slides_2_image":1864,"_slides_2_image":"field_6682677e8be1d","slides_3_date":"2017","_slides_3_date":"field_668266388be1a","slides_3_heading_heading_text":"Po\u0142\u0105czenie Agromy w Kutnie z Agrom\u0105 S.A w Poznaniu","_slides_3_heading_heading_text":"field_638627ccced84","slides_3_heading_heading_level":"h2","_slides_3_heading_heading_level":"field_638627e7ced85","slides_3_heading_heading_variant":"h5","_slides_3_heading_heading_variant":"field_63862847ced86","slides_3_heading_extra_classes":"","_slides_3_heading_extra_classes":"field_638628eeced88","slides_3_heading":"","_slides_3_heading":"field_668267368be1b","slides_3_description":"W tym roku\u00a0 dwie Agromy zosta\u0142y po\u0142\u0105czone w jedno przedsi\u0119biorstwo z zachowaniem nazwy P.H Agroma S.A w Poznaniu z central\u0105 w Kutnie.","_slides_3_description":"field_6682674e8be1c","slides_3_image":1938,"_slides_3_image":"field_6682677e8be1d","slides_4_date":"2018","_slides_4_date":"field_668266388be1a","slides_4_heading_heading_text":"Powstanie oddzia\u0142u w Mi\u0142os\u0142awiu","_slides_4_heading_heading_text":"field_638627ccced84","slides_4_heading_heading_level":"h2","_slides_4_heading_heading_level":"field_638627e7ced85","slides_4_heading_heading_variant":"h5","_slides_4_heading_heading_variant":"field_63862847ced86","slides_4_heading_extra_classes":"","_slides_4_heading_extra_classes":"field_638628eeced88","slides_4_heading":"","_slides_4_heading":"field_668267368be1b","slides_4_description":"W raz z rozwojem firmy punkt z Mikuszewa zosta\u0142 przeniesiony do Mi\u0142os\u0142awia. Pozwoli\u0142o to na poszerzenie zakresu dzia\u0142alno\u015bci oddzia\u0142u o sprzeda\u017c i serwis maszyn Kubota.","_slides_4_description":"field_6682674e8be1c","slides_4_image":1880,"_slides_4_image":"field_6682677e8be1d","slides_5_date":"2020","_slides_5_date":"field_668266388be1a","slides_5_heading_heading_text":"Nowy oddzia\u0142 w Gr\u00f3jcu","_slides_5_heading_heading_text":"field_638627ccced84","slides_5_heading_heading_level":"h2","_slides_5_heading_heading_level":"field_638627e7ced85","slides_5_heading_heading_variant":"h5","_slides_5_heading_heading_variant":"field_63862847ced86","slides_5_heading_extra_classes":"","_slides_5_heading_extra_classes":"field_638628eeced88","slides_5_heading":"","_slides_5_heading":"field_668267368be1b","slides_5_description":"W roku 2020 oddzia\u0142 w Gr\u00f3jcu zosta\u0142 przeniesiony do nowej lokalizacji.","_slides_5_description":"field_6682674e8be1c","slides_5_image":2024,"_slides_5_image":"field_6682677e8be1d","slides":6,"_slides":"field_6682660b8be18"},"mode":"edit"},"innerBlocks":[],"innerHTML":"","innerContent":[]},{"blockName":"acf\/separator","attrs":{"name":"acf\/separator","data":{"separator_values_min":"80","_separator_values_min":"field_659d1d0e47ee6","separator_values_max":"160","_separator_values_max":"field_659d1d4547ee7","separator_values":"","_separator_values":"field_659d261a7f4e0"},"mode":"edit"},"innerBlocks":[],"innerHTML":"","innerContent":[]}],"meta_data":{"container":""},"_links":{"self":[{"href":"https:\/\/agroma-poznan.pl\/index.php\/wp-json\/wp\/v2\/pages\/420","targetHints":{"allow":["GET"]}}],"collection":[{"href":"https:\/\/agroma-poznan.pl\/index.php\/wp-json\/wp\/v2\/pages"}],"about":[{"href":"https:\/\/agroma-poznan.pl\/index.php\/wp-json\/wp\/v2\/types\/page"}],"author":[{"embeddable":true,"href":"https:\/\/agroma-poznan.pl\/index.php\/wp-json\/wp\/v2\/users\/1"}],"replies":[{"embeddable":true,"href":"https:\/\/agroma-poznan.pl\/index.php\/wp-json\/wp\/v2\/comments?post=420"}],"version-history":[{"count":29,"href":"https:\/\/agroma-poznan.pl\/index.php\/wp-json\/wp\/v2\/pages\/420\/revisions"}],"predecessor-version":[{"id":3800,"href":"https:\/\/agroma-poznan.pl\/index.php\/wp-json\/wp\/v2\/pages\/420\/revisions\/3800"}],"wp:attachment":[{"href":"https:\/\/agroma-poznan.pl\/index.php\/wp-json\/wp\/v2\/media?parent=420"}],"curies":[{"name":"wp","href":"https:\/\/api.w.org\/{rel}","templated":true}]}}